{"id":879,"date":"2017-10-23T13:07:53","date_gmt":"2017-10-23T11:07:53","guid":{"rendered":"http:\/\/demo.zozothemes.com\/induzy\/?page_id=879"},"modified":"2019-08-27T22:36:50","modified_gmt":"2019-08-27T20:36:50","slug":"news","status":"publish","type":"page","link":"https:\/\/www.magellanaviation.com\/fr\/news\/","title":{"rendered":"Articles"},"content":{"rendered":"<div class=\"vc_row wpb_row vc_row-fluid vc_custom_1508750640220\"><div class=\"wpb_column vc_column_container vc_col-sm-12\"><div class=\"vc_column-inner\"><div class=\"wpb_wrapper\"><div class=\"blog-wrapper blog-style-4 blog-light\" data-css=\"&quot;&quot;\"><div class=\"row\"><div class=\"col-lg-12 col-md-12\"><div class=\"blog-inner\"><div class=\"media\"><div class=\"post-thumb\"><img height=\"186\" width=\"300\" class=\"img-fluid\" alt=\"Back to work\" src=\"https:\/\/www.magellanaviation.com\/wp-content\/uploads\/2021\/01\/Back-to-Work-300x186.jpg\"\/><\/div><!-- .post-thumb --><div class=\"media-body\"><div class=\"entry-title\"><h3><a href=\"https:\/\/www.magellanaviation.com\/fr\/2020\/12\/11\/back-to-work\/\" class=\"post-title\">De retour aux op\u00e9rations<\/a><\/h3><\/div><!-- .entry-title --><div class=\"post-excerpt\"><p>Le 15 mars dernier commen\u00e7ait le rapatriement de nos \u00e9quipes. Alors que les formations \u00e9taient en cours en Asie...<\/p>\n<\/div><!-- .post-excerpt --><div class=\"bottom-meta clearfix\"><ul class=\"bottom-meta-list\"><li><div class=\"post-date\"><a href=\"https:\/\/www.magellanaviation.com\/fr\/2020\/12\/11\/\" ><i class=\"icon icon-calendar\"><\/i> 11 d\u00e9cembre 2020<\/a><\/div><\/li><li><div class=\"post-more\"><a class=\"read-more\" href=\"https:\/\/www.magellanaviation.com\/fr\/2020\/12\/11\/back-to-work\/\">Lire Plus<\/a><\/div><\/li><\/ul><\/div><\/div><!-- .media --><\/div><!-- .media-body --><\/div><!-- .blog-inner --><\/div><!-- .cols --><\/div><!-- .row --><div class=\"row\"><div class=\"col-lg-12 col-md-12\"><div class=\"blog-inner\"><div class=\"media\"><div class=\"post-thumb\"><img height=\"186\" width=\"300\" class=\"img-fluid\" alt=\"Aloha!\" src=\"https:\/\/www.magellanaviation.com\/wp-content\/uploads\/2019\/08\/Ohana-ATR-2-768x512-1-300x186.jpg\"\/><\/div><!-- .post-thumb --><div class=\"media-body\"><div class=\"entry-title\"><h3><a href=\"https:\/\/www.magellanaviation.com\/fr\/2019\/08\/27\/aloha\/\" class=\"post-title\">Aloha!<\/a><\/h3><\/div><!-- .entry-title --><div class=\"post-excerpt\"><p>For the first time in USA, Magellan&#8217; instructors landed in Honolulu for both T1 and T2 courses on behalf of<\/p>\n<\/div><!-- .post-excerpt --><div class=\"bottom-meta clearfix\"><ul class=\"bottom-meta-list\"><li><div class=\"post-date\"><a href=\"https:\/\/www.magellanaviation.com\/fr\/2019\/08\/27\/\" ><i class=\"icon icon-calendar\"><\/i> 27 ao\u00fbt 2019<\/a><\/div><\/li><li><div class=\"post-more\"><a class=\"read-more\" href=\"https:\/\/www.magellanaviation.com\/fr\/2019\/08\/27\/aloha\/\">Lire Plus<\/a><\/div><\/li><\/ul><\/div><\/div><!-- .media --><\/div><!-- .media-body --><\/div><!-- .blog-inner --><\/div><!-- .cols --><\/div><!-- .row --><div class=\"row\"><div class=\"col-lg-12 col-md-12\"><div class=\"blog-inner\"><div class=\"media\"><div class=\"post-thumb\"><img height=\"186\" width=\"300\" class=\"img-fluid\" alt=\"Qatar Airways To Retire A320 and A330 Fleets\" src=\"https:\/\/www.magellanaviation.com\/wp-content\/uploads\/2019\/05\/qatar-300x186.jpg\"\/><\/div><!-- .post-thumb --><div class=\"media-body\"><div class=\"entry-title\"><h3><a href=\"https:\/\/www.magellanaviation.com\/fr\/2019\/05\/16\/qatar-airways-to-retire-a320-and-a330-fleets\/\" class=\"post-title\">Qatar Airways retire ses A320 et A330 de sa Flotte<\/a><\/h3><\/div><!-- .entry-title --><div class=\"post-excerpt\"><p>Qatar Airways is planning to phase out all its A330-200s and A330-300s within the next three years. The carrier is<\/p>\n<\/div><!-- .post-excerpt --><div class=\"bottom-meta clearfix\"><ul class=\"bottom-meta-list\"><li><div class=\"post-date\"><a href=\"https:\/\/www.magellanaviation.com\/fr\/2019\/05\/16\/\" ><i class=\"icon icon-calendar\"><\/i> 16 mai 2019<\/a><\/div><\/li><li><div class=\"post-more\"><a class=\"read-more\" href=\"https:\/\/www.magellanaviation.com\/fr\/2019\/05\/16\/qatar-airways-to-retire-a320-and-a330-fleets\/\">Lire Plus<\/a><\/div><\/li><\/ul><\/div><\/div><!-- .media --><\/div><!-- .media-body --><\/div><!-- .blog-inner --><\/div><!-- .cols --><\/div><!-- .row --><div class=\"row\"><div class=\"col-lg-12 col-md-12\"><div class=\"blog-inner\"><div class=\"media\"><div class=\"post-thumb\"><img height=\"186\" width=\"300\" class=\"img-fluid\" alt=\"Air Transat receives first A321LR\" src=\"https:\/\/www.magellanaviation.com\/wp-content\/uploads\/2019\/05\/Air-Transat-300x186.jpeg\"\/><\/div><!-- .post-thumb --><div class=\"media-body\"><div class=\"entry-title\"><h3><a href=\"https:\/\/www.magellanaviation.com\/fr\/2019\/05\/08\/air-transat-receives-first-a321lr\/\" class=\"post-title\">Air Transat r\u00e9ceptionne son premier A321LR<\/a><\/h3><\/div><!-- .entry-title --><div class=\"post-excerpt\"><p>Air Transat, bas\u00e9 \u00e0 Montr\u00e9al, a r\u00e9ceptionn\u00e9 son premier des quinze Airbus A321LR dans son optique de renouvellement...<\/p>\n<\/div><!-- .post-excerpt --><div class=\"bottom-meta clearfix\"><ul class=\"bottom-meta-list\"><li><div class=\"post-date\"><a href=\"https:\/\/www.magellanaviation.com\/fr\/2019\/05\/08\/\" ><i class=\"icon icon-calendar\"><\/i> 8 mai 2019<\/a><\/div><\/li><li><div class=\"post-more\"><a class=\"read-more\" href=\"https:\/\/www.magellanaviation.com\/fr\/2019\/05\/08\/air-transat-receives-first-a321lr\/\">Lire Plus<\/a><\/div><\/li><\/ul><\/div><\/div><!-- .media --><\/div><!-- .media-body --><\/div><!-- .blog-inner --><\/div><!-- .cols --><\/div><!-- .row --><div class=\"row\"><div class=\"col-lg-12 col-md-12\"><div class=\"blog-inner\"><div class=\"media\"><div class=\"post-thumb\"><img height=\"186\" width=\"300\" class=\"img-fluid\" alt=\"10 years celebration!\" src=\"https:\/\/www.magellanaviation.com\/wp-content\/uploads\/2019\/03\/10-ans-MAS-300x186.jpg\"\/><\/div><!-- .post-thumb --><div class=\"media-body\"><div class=\"entry-title\"><h3><a href=\"https:\/\/www.magellanaviation.com\/fr\/2018\/12\/15\/10-years-celebration\/\" class=\"post-title\">10 ans, \u00e7a se souligne!<\/a><\/h3><\/div><!-- .entry-title --><div class=\"post-excerpt\"><p>2018 \u00e9tant presque termin\u00e9, nous souhaitions c\u00e9l\u00e9brer le 10\u00e8me anniversaire de Magellan...<\/p>\n<\/div><!-- .post-excerpt --><div class=\"bottom-meta clearfix\"><ul class=\"bottom-meta-list\"><li><div class=\"post-date\"><a href=\"https:\/\/www.magellanaviation.com\/fr\/2018\/12\/15\/\" ><i class=\"icon icon-calendar\"><\/i> 15 d\u00e9cembre 2018<\/a><\/div><\/li><li><div class=\"post-more\"><a class=\"read-more\" href=\"https:\/\/www.magellanaviation.com\/fr\/2018\/12\/15\/10-years-celebration\/\">Lire Plus<\/a><\/div><\/li><\/ul><\/div><\/div><!-- .media --><\/div><!-- .media-body --><\/div><!-- .blog-inner --><\/div><!-- .cols --><\/div><!-- .row --><div class=\"blog-pagination\"><div class=\"post-pagination-wrap\"><ul class=\"nav pagination post-pagination justify-content-center\"><li class=\"nav-item active\"><span class=\"active\">01<\/span><\/li><li class=\"nav-item\"><a href=\"https:\/\/www.magellanaviation.com\/fr\/wp-json\/wp\/v2\/pages\/879\/page\/2\/\">02<\/a><\/li><li class=\"nav-item\"><a href=\"https:\/\/www.magellanaviation.com\/fr\/wp-json\/wp\/v2\/pages\/879\/page\/3\/\">03<\/a><\/li><li class=\"nav-item\"><a href=\"https:\/\/www.magellanaviation.com\/fr\/wp-json\/wp\/v2\/pages\/879\/page\/2\/\" class=\"next-page\" title=\"next\">Next<\/a><\/li><li class=\"nav-item next\"><a href=\"https:\/\/www.magellanaviation.com\/fr\/wp-json\/wp\/v2\/pages\/879\/page\/3\/\" title=\"Last\">Last<\/a><\/li><\/ul><\/div><\/div><!-- blog-pagination --><\/div><!-- .blog-wrapper --><\/div><\/div><\/div><\/div>","protected":false},"excerpt":{"rendered":"As 2018 is coming to the end, we would like to celebrate our 10th anniversary!So much energy, some fails but","protected":false},"author":1,"featured_media":0,"parent":0,"menu_order":0,"comment_status":"closed","ping_status":"closed","template":"","meta":{"footnotes":""},"_links":{"self":[{"href":"https:\/\/www.magellanaviation.com\/fr\/wp-json\/wp\/v2\/pages\/879"}],"collection":[{"href":"https:\/\/www.magellanaviation.com\/fr\/wp-json\/wp\/v2\/pages"}],"about":[{"href":"https:\/\/www.magellanaviation.com\/fr\/wp-json\/wp\/v2\/types\/page"}],"author":[{"embeddable":true,"href":"https:\/\/www.magellanaviation.com\/fr\/wp-json\/wp\/v2\/users\/1"}],"replies":[{"embeddable":true,"href":"https:\/\/www.magellanaviation.com\/fr\/wp-json\/wp\/v2\/comments?post=879"}],"version-history":[{"count":20,"href":"https:\/\/www.magellanaviation.com\/fr\/wp-json\/wp\/v2\/pages\/879\/revisions"}],"predecessor-version":[{"id":3687,"href":"https:\/\/www.magellanaviation.com\/fr\/wp-json\/wp\/v2\/pages\/879\/revisions\/3687"}],"wp:attachment":[{"href":"https:\/\/www.magellanaviation.com\/fr\/wp-json\/wp\/v2\/media?parent=879"}],"curies":[{"name":"wp","href":"https:\/\/api.w.org\/{rel}","templated":true}]}}